{"id":2556,"date":"2018-08-06T10:23:00","date_gmt":"2018-08-06T08:23:00","guid":{"rendered":"http:\/\/dominiakah.com\/wp\/?page_id=2556"},"modified":"2021-03-03T10:14:16","modified_gmt":"2021-03-03T09:14:16","slug":"ulica-fabryczna-w-tychach","status":"publish","type":"page","link":"https:\/\/dominiakah.com\/wp\/tychy-od-dawna-do-wspolczesnosci\/ulica-fabryczna-w-tychach\/","title":{"rendered":"Ulica Fabryczna w Tychach"},"content":{"rendered":"<h2><span style=\"color: #333333;\">Ulica Fabryczna w Tychach <\/span><\/h2>\n<h3 style=\"text-align: center;\"><span style=\"color: #333333;\">Ulica Fabryczna w Tychach &#8211; przylegaj\u0105ca <\/span><\/h3>\n<h3 style=\"text-align: center;\"><span style=\"color: #333333;\">do powsta\u0142ej w latach 70 XX wieku Ulicy\u00a0Beskidzkiej\u00a0\u00a0<\/span><\/h3>\n<p style=\"text-align: left;\"><span style=\"color: #333333;\">Ulica Fabryczna w <a href=\"http:\/\/dominiakah.com\/wp\/tychy-od-dawna-do-wspolczesnosci\/\"><span style=\"color: #333399;\">Tychach<\/span><\/a>\u00a0<span class=\"st\">\u2013 gminny, do\u015b\u0107 trwale wpisuj\u0105cy si\u0119 w struktur\u0119\u00a0g\u0142o\u015bnych i ruchliwych obszar\u00f3w\u00a0poruszania si\u0119 Tyskiej Podstrefy Katowickiej Specjalnej\u00a0Strefy Ekonomicznej. W ca\u0142ej swojej rozci\u0105g\u0142o\u015bci\u00a0znajduj\u0119 si\u0119 we wschodniej cz\u0119\u015bci miasta w dzielnicy: Jaroszowice,\u00a0Urbanowice, Wygorzele. <\/span><\/span><\/p>\n<p style=\"text-align: left;\"><span style=\"color: #333333;\"><span class=\"st\">Sumaryczny format\u00a0strumienia Fabrycznej zyskuje do 1,49 km. <\/span><\/span><\/p>\n<p style=\"text-align: left;\"><span style=\"color: #333333;\"><span class=\"st\">[googleda62debee9df85d3.html] . <\/span><\/span><\/p>\n<p style=\"text-align: left;\"><span style=\"color: #999999;\"><span class=\"st\">. <\/span><\/span><\/p>\n<p style=\"text-align: left;\"><span style=\"color: #333333;\"><span class=\"st\"><img loading=\"lazy\" decoding=\"async\" class=\"alignnone wp-image-2000 size-medium\" src=\"http:\/\/dominiakah.com\/wp\/wp-content\/uploads\/2017\/12\/cropped-Henryk-Jan-Dominiak-DOMINIAK-AH-portal-1-a-300x300.png\" alt=\"Ulica Fabryczna w Tychach\" width=\"300\" height=\"300\" srcset=\"https:\/\/dominiakah.com\/wp\/wp-content\/uploads\/2017\/12\/cropped-Henryk-Jan-Dominiak-DOMINIAK-AH-portal-1-a-300x300.png 300w, https:\/\/dominiakah.com\/wp\/wp-content\/uploads\/2017\/12\/cropped-Henryk-Jan-Dominiak-DOMINIAK-AH-portal-1-a-150x150.png 150w, https:\/\/dominiakah.com\/wp\/wp-content\/uploads\/2017\/12\/cropped-Henryk-Jan-Dominiak-DOMINIAK-AH-portal-1-a-270x270.png 270w, https:\/\/dominiakah.com\/wp\/wp-content\/uploads\/2017\/12\/cropped-Henryk-Jan-Dominiak-DOMINIAK-AH-portal-1-a-192x192.png 192w, https:\/\/dominiakah.com\/wp\/wp-content\/uploads\/2017\/12\/cropped-Henryk-Jan-Dominiak-DOMINIAK-AH-portal-1-a-180x180.png 180w, https:\/\/dominiakah.com\/wp\/wp-content\/uploads\/2017\/12\/cropped-Henryk-Jan-Dominiak-DOMINIAK-AH-portal-1-a-32x32.png 32w, https:\/\/dominiakah.com\/wp\/wp-content\/uploads\/2017\/12\/cropped-Henryk-Jan-Dominiak-DOMINIAK-AH-portal-1-a.png 512w\" sizes=\"auto, (max-width: 300px) 100vw, 300px\" \/>. <\/span><\/span><\/p>\n<p style=\"text-align: left;\"><span style=\"color: #999999;\"><span class=\"st\">. <\/span><\/span><\/p>\n<h4 style=\"text-align: left;\"><span style=\"color: #333333;\"><span class=\"st\">Ulica Fabryczna w Tychach &#8211;\u00a0\u015bwiat szlaku komunikacyjnego <\/span><\/span><\/h4>\n<p style=\"text-align: left;\">.<\/p>\n<p style=\"text-align: left;\">\u2022 skrzy\u017cowanie z ulic\u0105 Metalow\u0105.<\/p>\n<p style=\"text-align: left;\">\u2022 korporacje prywatne.<\/p>\n<p style=\"text-align: left;\">\u2022\u00a0niewielkie i \u015brednie podmioty gospodarcze.<\/p>\n<p style=\"text-align: left;\">.<\/p>\n<h4 style=\"text-align: left;\"><span style=\"color: #333333;\"><span class=\"st\">Ulica Fabryczna w Tychach<\/span><\/span>\u00a0\u2013 pod\u0142o\u017ce\u00a0nazwania ulicy<\/h4>\n<p style=\"text-align: left;\">.<\/p>\n<p style=\"text-align: left;\">Zdefiniowanie nazwy traktu\u00a0posiada niewolniczo korelacj\u0119 z fabryk\u0105.<\/p>\n<p style=\"text-align: left;\">.<\/p>\n<h4 style=\"text-align: left;\"><span style=\"color: #333333;\"><span class=\"st\">Ulica Fabryczna w Tychach<\/span><\/span> \u2013 informacja<\/h4>\n<p style=\"text-align: left;\">.<\/p>\n<p style=\"text-align: left;\">FABRYKA [\u0142ac.], forma organizacji produkcji przem. oparta na pracy maszyn.<\/p>\n<p style=\"text-align: left;\">Zak\u0142ad przem., kt\u00f3rego produkcj\u0119 opiera si\u0119 na systemie maszynowym.<\/p>\n<p style=\"text-align: left;\">Cechami charakterystycznymi fabryki s\u0105:<\/p>\n<p style=\"text-align: left;\">a) wysoki udzia\u0142 \u015brodk\u00f3w trwa\u0142ych.<\/p>\n<p style=\"text-align: left;\">b) oddzielenie dzia\u0142alno\u015bci produkcyjnej od zbytu.<\/p>\n<p style=\"text-align: left;\">c) wysoki stopie\u0144 specjalizacji maszyn i pracownik\u00f3w.<\/p>\n<p style=\"text-align: left;\">Historycznie powstanie fabryk oznacza\u0142o przej\u015bcie od r\u0119kodzielniczej produkcji manufaktur do produkcji zmechanizowanej, opartej na wynalazkach techn. (rewolucja przemys\u0142owa).<\/p>\n<p style=\"text-align: left;\">Fabryka stanowi\u0142a wy\u017csz\u0105 od manufaktury form\u0119 kooperacji kapitalistycznej.<\/p>\n<p style=\"text-align: left;\">Wraz z przej\u015bciem do produkcji maszynowej, zorganizowanej w formie fabryki, zacz\u0105\u0142 si\u0119 pe\u0142ny rozw\u00f3j kapitalistycznej produkcji, dokona\u0142 si\u0119 radykalny przewr\u00f3t w stosunkach spo\u0142.-ekonomicznych.<\/p>\n<p style=\"text-align: left;\">.<\/p>\n<h4 style=\"text-align: left;\"><span style=\"color: #333333;\"><span class=\"st\">Ulica Fabryczna w Tychach &#8211;\u00a0centrum g\u0142osowania<\/span><\/span><\/h4>\n<p style=\"text-align: left;\">.<\/p>\n<p style=\"text-align: left;\"><span class=\"st\">Na przestrzeni 22 marca 2018 roku\u00a0tyskie w\u0142adze miejskie<\/span> w odniesieniu do pier\u015bcieni wyborczych skonkretyzowa\u0142y, \u017ce\u00a0<span class=\"st\">ulica Fabryczna znajduje si\u0119 w\u00a0<a href=\"http:\/\/www.tychy.info\/3222-miasto-tychy-podzielone-na-piec-okregow-wyborczych-tychy\"><span style=\"color: #333399;\">drugim okr\u0119gu wyborczym<\/span><\/a>\u00a0. <\/span><\/p>\n<p style=\"text-align: left;\"><span class=\"st\">Powiem wi\u0119cej &#8211; przy tym przynale\u017c\u0105:\u00a0Alberta Einsteina, Aleja Niepodleg\u0142o\u015bci, Andrzeja Frycza Modrzewskiego, Baziowa, B\u0142awatk\u00f3w. <\/span><\/p>\n<p style=\"text-align: left;\"><span class=\"st\">Tak\u017ce Bratk\u00f3w, Bursztynowa, Chabr\u00f3w, Cielmicka 4 i 6, Cmentarna, Cynamonowa, Czarna nr parzyste od 42 do 62, D\u0119bowa. <\/span><\/p>\n<p style=\"text-align: left;\"><span class=\"st\">Poza tym D\u0142uga, Dworska, Dziewanny, Dzwonkowa, Edukacji, Elf\u00f3w, Estetyczna, Ewarysta Estkowskiego, Filaret\u00f3w, Filomat\u00f3w, Fredry, <span style=\"color: #333399;\"><a style=\"color: #333399;\" href=\"http:\/\/dominiakah.com\/wp\/tychy-od-dawna-do-wspolczesnosci\/ulica-glowna-w-tychach\/\">G\u0142\u00f3wna<\/a><\/span>, Go\u017adzik\u00f3w. <\/span><\/p>\n<p style=\"text-align: left;\"><span class=\"st\">Zar\u00f3wno Grzegorza Fitelberga, Hanny i Kazimierza Wejchert\u00f3w, <span style=\"color: #333399;\"><a style=\"color: #333399;\" href=\"http:\/\/dominiakah.com\/wp\/tychy-od-dawna-do-wspolczesnosci\/ulica-generala-jana-henryka-dabrowskiego-w-tychach\/\">Henryka D\u0105browskiego<\/a><\/span>, J. Ligonia, Jana, Jana Brzozy, Janusza Korczaka, Jaroszowicka, Jaskr\u00f3w, J\u00f3zefa Elsnera. <\/span><\/p>\n<p style=\"text-align: left;\"><span class=\"st\">Tak samo Juliana Ejsmonda, K. Darwina, Kaczeniec, Kardyna\u0142a Stefana Wyszy\u0144skiego, Koralowa. <\/span><\/p>\n<p style=\"text-align: left;\"><span class=\"st\">Jak\u00a0<em>r\u00f3wnie\u017c<\/em> Ko\u015bcielna, Kowalska, Krokus\u00f3w, Krzywa, Ksi\u0119dza Leona Szkatu\u0142y, Lawendowa, Lokalna, \u0141\u0105czna, Ma\u0142a Aleja R\u00f3\u017c, Marzanny, Metalowa, Mi\u0142a, Miodowa, Mys\u0142owicka. <\/span><\/p>\n<p style=\"text-align: left;\"><span class=\"st\">Podobnie jak Nad Potokiem, Niezapominajek, Nowowiejska, Olchowa, Ostr\u00f3\u017cki, O\u015bwi\u0119cimska z wyj\u0105tkiem nr 25, Paproci, Pasterska, Pod Lasem nr parzyste od 66, Pogodna.\u00a0<\/span><\/p>\n<p style=\"text-align: left;\"><span class=\"st\">Tak jak Poprzeczna, Promienna, Przejazdowa, Przemys\u0142owa nr parzyste od 42 i nr nieparzyste od 21, Rolnicza. <\/span><\/p>\n<p style=\"text-align: left;\"><span class=\"st\">Jak te\u017c Rubinowa, Rybna, Rymarska, Samochodowa, Serdeczna, Sk\u0142adowa, Skotnica, Spacerowa, Spokojna, Sportowa, Stefana Grota Roweckiego nr parzyste do 34 i nr nieparzyste do 51. <\/span><\/p>\n<p style=\"text-align: left;\"><span class=\"st\">Dodatkowo Stokrotek, Stolarska, Szmaragdowa, \u015awierczyniecka, Tomasza Edisona, Towarowa, Trzy Stawy, Tury\u0144ska, U\u0142a\u0144ska, Urbanowicka, W\u0119dkarska, Wsp\u00f3lna, Za Drog\u0105, Zimowa. <\/span><\/p>\n<p style=\"text-align: left;\"><span class=\"st\">Plus Zwierzyniecka nr parzyste od 74 i nr nieparzyste od 89, \u017bniwna.<\/span>.<\/p>\n<p style=\"text-align: left;\">.<\/p>\n<h4 style=\"text-align: left;\"><span style=\"color: #333333;\"><span class=\"st\">Ulica Fabryczna w Tychach &#8211;\u00a0jednostka leksykalna\u00a0<\/span><\/span><\/h4>\n<p style=\"text-align: left;\">.<\/p>\n<p style=\"text-align: left;\">\u2022 Mapa:\u00a0ul.\u00a0Fabryczna.<\/p>\n<p style=\"text-align: left;\">\u2022 Fabryczna\u00a0z list\u0105 punkt\u00f3w u\u017cyteczno\u015bci publicznej.<\/p>\n<p style=\"text-align: left;\">\u2022 Ul. Fabryczna plan miasta.<\/p>\n<p style=\"text-align: left;\">\u2022 Ul. Fabryczna lokal.<\/p>\n<p style=\"text-align: left;\">\u2022 Niepubliczny Zak\u0142ad Opieki Zdrowotnej na Fabrycznej.<\/p>\n<p style=\"text-align: left;\">\u2022 przychodnia zdrowia fabryczna.<\/p>\n<p style=\"text-align: left;\">\u2022 fabryczna bistro menu.<\/p>\n<p style=\"text-align: left;\">\u2022 fabryczna &#8211; recenzje restauracji.<\/p>\n<p style=\"text-align: left;\">\u2022 \u015aniadanie za z\u0142ot\u00f3wk\u0119 &#8211; Fabryczna.<\/p>\n<p style=\"text-align: left;\">\u2022 Jad\u0142odajnia &#8211; Fabryczna.<\/p>\n<p style=\"text-align: left;\">\u2022 fabryczny gaz.<\/p>\n<p style=\"text-align: left;\">\u2022 Fabryczny test akceptacji.<\/p>\n<p style=\"text-align: left;\">\u2022 fabryczny zestaw g\u0142o\u015bnom\u00f3wi\u0105cy.<\/p>\n<p style=\"text-align: left;\">\u2022 Fabryczny tuning.<\/p>\n<p style=\"text-align: left;\">\u2022 Fabryczni tunerzy.<\/p>\n<p style=\"text-align: left;\">\u2022 targ\u00f3wek fabryczny mapa.<\/p>\n<p style=\"text-align: left;\">\u2022 fabryczne opony.<\/p>\n<p style=\"text-align: left;\">\u2022 wyposa\u017cenie fabryczne samochodu.<\/p>\n<p style=\"text-align: left;\">\u2022 Fabryczne radio.<\/p>\n<p style=\"text-align: left;\">\u2022 Wyposa\u017cenie\u00a0fabryczne.<\/p>\n<p style=\"text-align: left;\">\u2022 Jak sprawdzi\u0107 wyposa\u017cenie fabryczne.<\/p>\n<p style=\"text-align: left;\">\u2022 Ze stacji \u0141\u00f3d\u017a\u00a0Fabryczna.<\/p>\n<p style=\"text-align: left;\">\u2022 \u0141\u00f3d\u017a\u00a0Fabryczna\u00a0&#8211; rozk\u0142ad jazdy.<\/p>\n<p style=\"text-align: left;\">\u2022 nakr\u0119tki\u00a0mocowa\u0144 i ich\u00a0fabryczne\u00a0odpowiedniki.<\/p>\n<p style=\"text-align: left;\">\u2022 nowa fabryczna nakr\u0119tka zwrotnicy przedniego ko\u0142a.<\/p>\n<p style=\"text-align: left;\">\u2022 wyr\u00f3b\u00a0fabryczny.<\/p>\n<p style=\"text-align: left;\">\u2022 norma fabryka.<\/p>\n<p style=\"text-align: left;\">\u2022 jak przywr\u00f3ci\u0107 ustawienia fabryczne.<\/p>\n<p style=\"text-align: left;\">\u2022 jak przywr\u00f3ci\u0107 ustawienia fabryczne iphone 4 nie znaj\u0105c kodu.<\/p>\n<p style=\"text-align: left;\">\u2022 ustawienia fabryczne w laptopie.<\/p>\n<p style=\"text-align: left;\">\u2022 ustawienia fabryczne android.<\/p>\n<p style=\"text-align: left;\">\u2022 finansowanie fabryczne zetor.<\/p>\n<p style=\"text-align: left;\">\u2022 traktory finansowanie fabryczne.<\/p>\n<p style=\"text-align: left;\">\u2022 cena fabryczna.<\/p>\n<p style=\"text-align: left;\">\u2022 ulica antoniuk fabryczny w bia\u0142ymstoku.<\/p>\n<p style=\"text-align: left;\">.<\/p>\n<p style=\"text-align: left;\">.<\/p>\n<h4 style=\"text-align: left;\"><span style=\"color: #333333;\"><span class=\"st\">Ulica Fabryczna w Tychach &#8211;\u00a0<\/span><\/span>hiper\u0142\u0105cze<\/h4>\n<p style=\"text-align: left;\">.<\/p>\n<p style=\"text-align: left;\"><span style=\"color: #333399;\"><a style=\"color: #333399;\" href=\"http:\/\/muzeumminiaturowejsztukiprofesjonalnejhenrykjandominiak.eu\/wp\/2018\/05\/06\/film\/\">FILM\u00a0Muzeum\u00a0Miniaturowej Sztuki Profesjonalnej Henryk Jan Dominiak<\/a><\/span> obrazowa prezentacja eksponat\u00f3w.<\/p>\n<p style=\"text-align: left;\">.<\/p>\n<h4 style=\"text-align: left;\"><span style=\"color: #333333;\"><span class=\"st\">Ulica Fabryczna w kraju<\/span><\/span><\/h4>\n<p style=\"text-align: left;\">.<\/p>\n<p style=\"text-align: left;\">Ulica Fabryczna: Bia\u0142ogard,\u00a0Bia\u0142ystok, Bilcza, Bydgoszcz, Bytom,.<\/p>\n<p style=\"text-align: left;\">Ulica Fabryczna:\u00a0Cha\u0142upki,\u00a0Chrzan\u00f3w,\u00a0Ciechan\u00f3w, D\u0119bica.<\/p>\n<p style=\"text-align: left;\">Ulica Fabryczna: Elbl\u0105g,\u00a0<span style=\"color: #2462bf;\"><a style=\"color: #2462bf;\" href=\"http:\/\/muzeumminiaturowejsztukiprofesjonalnejhenrykjandominiak.eu\/wp\/her59-gniezno-motyw-przewodni-dobrem-osobistym-urbanizacji\/\">Gniezno<\/a><\/span>,\u00a0Gorz\u00f3w Wielkopolski, Gosty\u0144,\u00a0Gryfice, Jas\u0142o.<\/p>\n<p style=\"text-align: left;\">Ulica Fabryczna: Katowice, Ko\u0144skie, Krak\u00f3w\u00a0Grzeg\u00f3rzki, Lublin, \u0141\u00f3d\u017a.<\/p>\n<p style=\"text-align: left;\">Ulica Fabryczna: Mszczon\u00f3w. Mys\u0142owice, Namys\u0142\u00f3w, Niepo\u0142omice,\u00a0<span style=\"color: #2462bf;\"><a style=\"color: #2462bf;\" href=\"http:\/\/muzeumminiaturowejsztukiprofesjonalnejhenrykjandominiak.eu\/wp\/konsensus-udostepnienia-eksponatow-nr-1-2014-zawarty-w-nowej-rudzie\/\">Nowa Ruda<\/a><\/span>, Nowy S\u0105cz.<\/p>\n<p style=\"text-align: left;\">Ulica Fabryczna: Opole. Opole Lubelskie, O\u015bwi\u0119cim.<\/p>\n<p style=\"text-align: left;\">Ulica Fabryczna: Piaseczno, Polkowice, Pozna\u0144, Rejowiec, Rzesz\u00f3w.<\/p>\n<p style=\"text-align: left;\">Ulica Fabryczna:\u00a0Siedlce, Skierniewice,\u00a0S\u0142upsk,\u00a0Sosnowiec,\u00a0Stargard\u00a0Szczeci\u0144ski.<\/p>\n<p style=\"text-align: left;\">Ulica Fabryczna: Warszawa, W\u0142oc\u0142awek,\u00a0Wroc\u0142aw, Zielona G\u00f3ra.<\/p>\n<p style=\"text-align: left;\">.<\/p>\n","protected":false},"excerpt":{"rendered":"<p>Ulica Fabryczna w Tychach Ulica Fabryczna w Tychach &#8211; przylegaj\u0105ca do powsta\u0142ej w latach 70 XX wieku Ulicy\u00a0Beskidzkiej\u00a0\u00a0 Ulica Fabryczna w Tychach\u00a0\u2013 gminny, do\u015b\u0107 trwale wpisuj\u0105cy si\u0119 w struktur\u0119\u00a0g\u0142o\u015bnych i ruchliwych obszar\u00f3w\u00a0poruszania si\u0119 Tyskiej Podstrefy Katowickiej Specjalnej\u00a0Strefy Ekonomicznej. W ca\u0142ej swojej rozci\u0105g\u0142o\u015bci\u00a0znajduj\u0119 si\u0119 we wschodniej cz\u0119\u015bci miasta w dzielnicy: Jaroszowice,\u00a0Urbanowice, Wygorzele. Sumaryczny format\u00a0strumienia Fabrycznej zyskuje [&hellip;]<\/p>\n","protected":false},"author":1,"featured_media":1116,"parent":2109,"menu_order":18,"comment_status":"closed","ping_status":"closed","template":"","meta":{"footnotes":""},"class_list":["post-2556","page","type-page","status-publish","has-post-thumbnail","hentry"],"_links":{"self":[{"href":"https:\/\/dominiakah.com\/wp\/wp-json\/wp\/v2\/pages\/2556","targetHints":{"allow":["GET"]}}],"collection":[{"href":"https:\/\/dominiakah.com\/wp\/wp-json\/wp\/v2\/pages"}],"about":[{"href":"https:\/\/dominiakah.com\/wp\/wp-json\/wp\/v2\/types\/page"}],"author":[{"embeddable":true,"href":"https:\/\/dominiakah.com\/wp\/wp-json\/wp\/v2\/users\/1"}],"replies":[{"embeddable":true,"href":"https:\/\/dominiakah.com\/wp\/wp-json\/wp\/v2\/comments?post=2556"}],"version-history":[{"count":24,"href":"https:\/\/dominiakah.com\/wp\/wp-json\/wp\/v2\/pages\/2556\/revisions"}],"predecessor-version":[{"id":3827,"href":"https:\/\/dominiakah.com\/wp\/wp-json\/wp\/v2\/pages\/2556\/revisions\/3827"}],"up":[{"embeddable":true,"href":"https:\/\/dominiakah.com\/wp\/wp-json\/wp\/v2\/pages\/2109"}],"wp:featuredmedia":[{"embeddable":true,"href":"https:\/\/dominiakah.com\/wp\/wp-json\/wp\/v2\/media\/1116"}],"wp:attachment":[{"href":"https:\/\/dominiakah.com\/wp\/wp-json\/wp\/v2\/media?parent=2556"}],"curies":[{"name":"wp","href":"https:\/\/api.w.org\/{rel}","templated":true}]}}